{"id":3,"date":"2019-01-29T16:54:16","date_gmt":"2019-01-29T15:54:16","guid":{"rendered":"http:\/\/localhost\/wordpress2\/?page_id=3"},"modified":"2023-04-24T13:41:34","modified_gmt":"2023-04-24T11:41:34","slug":"datenschutzerklaerung","status":"publish","type":"page","link":"https:\/\/mingarden.de\/?page_id=3","title":{"rendered":"Datenschutzerkl\u00e4rung"},"content":{"rendered":"\n<h2 class=\"wp-block-heading\" id=\"mce_17\"><\/h2>\n\n\n\n<h2 class=\"wp-block-heading\">Datenschutzerkl\u00e4rung<\/h2>\n\n\n\n<p><strong>\u00a7&nbsp;1 Information \u00fcber die Erhebung personenbezogener Daten<\/strong> \n<\/p>\n\n\n\n<p>(1)&nbsp;\n<\/p>\n\n\n\n<p>Im Folgenden informieren wir \u00fcber die Erhebung \npersonenbezogener Daten bei Nutzung unserer Website. Personenbezogene \nDaten sind alle Daten, die auf Sie pers\u00f6nlich beziehbar sind, z. B. \nName, Adresse, E-Mail-Adresse, Telefonnummer\n<\/p>\n\n\n\n<p>(2)&nbsp;\n<\/p>\n\n\n\n<p>Verantwortlicher gem. Art.&nbsp;4 Abs.&nbsp;7 EU-Datenschutz-Grundverordnung (DSGVO) ist:\n<\/p>\n\n\n\n<p><strong>Hotel MinGarden<\/strong> <br> Minmetals Germany GmbH <br> Kaiserswerther Str. 22 <br> 40477 D\u00fcsseldorf <br> <strong>Telefon:<\/strong> +49 (0)211 4 96 86 8 <br> <strong>E-Mail:<\/strong> <a>reservation@mingarden.de<\/a><br> <strong>Internet:<\/strong> <a rel=\"noreferrer noopener\" href=\"http:\/\/www.mingarden.de\/\" target=\"_blank\">www.mingarden.de<\/a>  <\/p>\n\n\n\n<p><strong>Gesch\u00e4ftsf\u00fchrer:<\/strong> Naxin Zhu<\/p>\n\n\n\n<p><strong>Handelsregister:<\/strong> D\u00fcsseldorf HRB 20762 <br> <strong>Umsatzsteuer-Identifikationsnummer gem\u00e4\u00df \u00a7 27 a Umsatzsteuergesetz:<\/strong> DE 119254476\n<\/p>\n\n\n\n<p>(3)&nbsp;\n<\/p>\n\n\n\n<p>Bei Ihrer Kontaktaufnahme mit uns per E-Mail oder \n\u00fcber ein Kontaktformular werden die von Ihnen mitgeteilten Daten (Ihre \nE-Mail-Adresse, ggf. Ihr Name und Ihre Telefonnummer) von uns \ngespeichert, um Ihre Fragen zu beantworten. Die in diesem Zusammenhang \nanfallenden Daten l\u00f6schen wir, nachdem die Speicherung nicht mehr \nerforderlich ist, oder schr\u00e4nken die Verarbeitung ein, falls gesetzliche\n Aufbewahrungspflichten bestehen. Rechtsgrundlage f\u00fcr die Verarbeitung \nder Daten, die im Zuge einer \u00dcbersendung einer E-Mail oder der \nKontaktaufnahme \u00fcber ein Kontaktformular \u00fcbermittelt werden, ist Art. 6 \nAbs. 1 lit. f DSGVO. Zielt der E-Mail-Kontakt auf den Abschluss eines \nVertrages ab, so ist zus\u00e4tzliche Rechtsgrundlage f\u00fcr die Verarbeitung \nArt. 6 Abs. 1 lit. b DSGVO.\n<\/p>\n\n\n\n<p>4)&nbsp;\n<\/p>\n\n\n\n<p>Falls wir f\u00fcr einzelne Funktionen unseres Angebots \nauf beauftragte Dienstleister zur\u00fcckgreifen, werden Sie untenstehend im \nDetail \u00fcber die jeweiligen Vorg\u00e4nge informieren. Dabei nennen wir auch \ndie festgelegten Kriterien der Speicherdauer.\n<\/p>\n\n\n\n<p><strong>\u00a7&nbsp;2 Ihre Rechte<\/strong> \n<\/p>\n\n\n\n<p>(1)&nbsp;\n<\/p>\n\n\n\n<p>Sie haben gegen\u00fcber uns folgende Rechte hinsichtlich der Sie betreffenden personenbezogenen Daten:\n<\/p>\n\n\n\n<p>\u2013 Recht auf Auskunft,\n<\/p>\n\n\n\n<p>\u2013 Recht auf Berichtigung oder L\u00f6schung,\n<\/p>\n\n\n\n<p>\u2013 Recht auf Einschr\u00e4nkung der Verarbeitung,\n<\/p>\n\n\n\n<p>\u2013 Recht auf Widerspruch gegen die Verarbeitung,\n<\/p>\n\n\n\n<p>\u2013 Recht auf Daten\u00fcbertragbarkeit.\n<\/p>\n\n\n\n<p>(2)&nbsp;\n<\/p>\n\n\n\n<p>Sie haben zudem das Recht, sich bei einer \nDatenschutz-Aufsichtsbeh\u00f6rde \u00fcber die Verarbeitung Ihrer \npersonenbezogenen Daten durch uns zu beschweren.\n<\/p>\n\n\n\n<p><strong>\u00a7&nbsp;3 Erhebung personenbezogener Daten bei Besuch unserer Website<\/strong> \n<\/p>\n\n\n\n<p>(1)\n<\/p>\n\n\n\n<p>Bei der blo\u00df informatorischen Nutzung der Website, \nalso wenn Sie sich nicht registrieren oder uns anderweitig Informationen\n \u00fcbermitteln, erheben wir nur die personenbezogenen Daten, die Ihr \nBrowser an unseren Server \u00fcbermittelt. Wenn Sie unsere Website \nbetrachten m\u00f6chten, erheben wir die folgenden Daten, die f\u00fcr uns \ntechnisch erforderlich sind, um Ihnen unsere Website anzuzeigen und die \nStabilit\u00e4t und Sicherheit zu gew\u00e4hrleisten (Rechtsgrundlage ist Art.&nbsp;6 \nAbs.&nbsp;1 S.&nbsp;1 lit. f DSGVO):\n<\/p>\n\n\n\n<p>\u2013 IP-Adresse\n<\/p>\n\n\n\n<p>\u2013 Datum und Uhrzeit der Anfrage\n<\/p>\n\n\n\n<p>\u2013 Zeitzonendifferenz zur Greenwich Mean Time (GMT)\n<\/p>\n\n\n\n<p>\u2013 Inhalt der Anforderung (konkrete Seite)\n<\/p>\n\n\n\n<p>\u2013 Zugriffsstatus\/HTTP-Statuscode\n<\/p>\n\n\n\n<p>\u2013 jeweils \u00fcbertragene Datenmenge\n<\/p>\n\n\n\n<p>\u2013 Website, von der die Anforderung kommt\n<\/p>\n\n\n\n<p>\u2013 Browser\n<\/p>\n\n\n\n<p>\u2013 Betriebssystem und dessen Oberfl\u00e4che\n<\/p>\n\n\n\n<p>\u2013 Sprache und Version der Browsersoftware.\n<\/p>\n\n\n\n<p>(2)&nbsp;\n<\/p>\n\n\n\n<p>Zus\u00e4tzlich zu den zuvor genannten Daten werden bei \nIhrer Nutzung unserer Website Cookies auf Ihrem Rechner gespeichert. Bei\n Cookies handelt es sich um kleine Textdateien, die auf Ihrer Festplatte\n dem von Ihnen verwendeten Browser zugeordnet gespeichert werden und \ndurch welche der Stelle, die den Cookie setzt (hier durch uns), \nbestimmte Informationen zuflie\u00dfen. Cookies k\u00f6nnen keine Programme \nausf\u00fchren oder Viren auf Ihren Computer \u00fcbertragen. Sie dienen dazu, das\n Internetangebot insgesamt nutzerfreundlicher und effektiver zu machen.\n<\/p>\n\n\n\n<p>(3)&nbsp;\n<\/p>\n\n\n\n<p>Einsatz von Cookies:\n<\/p>\n\n\n\n<p>a) Diese Website nutzt folgende Arten von Cookies, deren Umfang und Funktionsweise im Folgenden erl\u00e4utert werden:\n<\/p>\n\n\n\n<p>\u2013 Transiente Cookies (dazu b)\n<\/p>\n\n\n\n<p>\u2013 Persistente Cookies (dazu c).\n<\/p>\n\n\n\n<p>b) Transiente Cookies werden automatisiert gel\u00f6scht,\n wenn Sie den Browser schlie\u00dfen. Dazu z\u00e4hlen insbesondere die \nSession-Cookies. Diese speichern eine sogenannte Session-ID, mit welcher\n sich verschiedene Anfragen Ihres Browsers der gemeinsamen Sitzung \nzuordnen lassen. Dadurch kann Ihr Rechner wiedererkannt werden, wenn Sie\n auf unsere Website zur\u00fcckkehren. Die Session-Cookies werden gel\u00f6scht, \nwenn Sie sich ausloggen oder den Browser schlie\u00dfen.\n<\/p>\n\n\n\n<p>c) Persistente Cookies werden automatisiert nach \neiner vorgegebenen Dauer gel\u00f6scht, die sich je nach Cookie unterscheiden\n kann. Sie k\u00f6nnen die Cookies in den Sicherheitseinstellungen Ihres \nBrowsers jederzeit l\u00f6schen.\n<\/p>\n\n\n\n<p>d) Sie k\u00f6nnen Ihre Browser-Einstellung entsprechend \nIhren W\u00fcnschen konfigurieren und z. B. die Annahme von \nThird-Party-Cookies oder allen Cookies ablehnen. Wir weisen Sie darauf \nhin, dass Sie eventuell nicht alle Funktionen dieser Website nutzen \nk\u00f6nnen.\n<\/p>\n\n\n\n<p>e) Die genutzten Flash-Cookies werden nicht durch \nIhren Browser erfasst, sondern durch Ihr Flash-Plug-in. Weiterhin nutzen\n wir HTML5 storage objects, die auf Ihrem Endger\u00e4t abgelegt werden. \nDiese Objekte speichern die erforderlichen Daten unabh\u00e4ngig von Ihrem \nverwendeten Browser und haben kein automatisches Ablaufdatum. Wenn Sie \nkeine Verarbeitung der Flash-Cookies w\u00fcnschen, m\u00fcssen Sie ein \nentsprechendes Add-On installieren, z. B. \u201eBetter Privacy\u201c f\u00fcr Mozilla \nFirefox (https:\/\/addons.mozilla.org\/de\/firefox\/addon\/betterprivacy\/) \noder das Adobe-Flash-Killer-Cookie f\u00fcr Google Chrome. Die Nutzung von \nHTML5 storage objects k\u00f6nnen Sie verhindern, indem Sie in Ihrem Browser \nden privaten Modus einsetzen. Zudem empfehlen wir, regelm\u00e4\u00dfig Ihre \nCookies und den Browser-Verlauf manuell zu l\u00f6schen.\n<\/p>\n\n\n\n<p><strong>\u00a7&nbsp;4 Weitere Funktionen und Angebote unserer Website<\/strong> \n<\/p>\n\n\n\n<p>(1)&nbsp;\n<\/p>\n\n\n\n<p>Neben der rein informatorischen Nutzung unserer \nWebsite bieten wir verschiedene Leistungen an, die Sie bei Interesse \nnutzen k\u00f6nnen. Dazu m\u00fcssen Sie in der Regel weitere personenbezogene \nDaten angeben, die wir zur Erbringung der jeweiligen Leistung nutzen und\n f\u00fcr die die zuvor genannten Grunds\u00e4tze zur Datenverarbeitung gelten.\n<\/p>\n\n\n\n<p>(2)&nbsp;\n<\/p>\n\n\n\n<p>Teilweise bedienen wir uns zur Verarbeitung Ihrer \nDaten externer Dienstleister. Diese wurden von uns sorgf\u00e4ltig ausgew\u00e4hlt\n und beauftragt, sind an unsere Weisungen gebunden und werden regelm\u00e4\u00dfig\n kontrolliert.\n<\/p>\n\n\n\n<p>&nbsp;(3)&nbsp;\n<\/p>\n\n\n\n<p>Soweit unsere Dienstleister oder Partner ihren Sitz \nin einem Staat au\u00dferhalb des Europ\u00e4ischen Wirtschaftsraumen (EWR) haben,\n informieren wir Sie \u00fcber die Folgen dieses Umstands in der Beschreibung\n des Angebotes.\n<\/p>\n\n\n\n<p><strong>\u00a7&nbsp;5 Widerspruch oder Widerruf gegen die Verarbeitung Ihrer Daten<\/strong> \n<\/p>\n\n\n\n<p>(1)&nbsp;\n<\/p>\n\n\n\n<p>Falls Sie eine Einwilligung zur Verarbeitung Ihrer \nDaten erteilt haben, k\u00f6nnen Sie diese jederzeit widerrufen. Ein solcher \nWiderruf beeinflusst die Zul\u00e4ssigkeit der Verarbeitung Ihrer \npersonenbezogenen Daten, nachdem Sie ihn gegen\u00fcber uns ausgesprochen \nhaben.\n<\/p>\n\n\n\n<p>(2)&nbsp;\n<\/p>\n\n\n\n<p>Soweit wir die Verarbeitung Ihrer personenbezogenen \nDaten auf die Interessenabw\u00e4gung st\u00fctzen, k\u00f6nnen Sie Widerspruch gegen \ndie Verarbeitung einlegen. Dies ist der Fall, wenn die Verarbeitung \ninsbesondere nicht zur Erf\u00fcllung eines Vertrags mit Ihnen erforderlich \nist, was von uns jeweils bei der nachfolgenden Beschreibung der \nFunktionen dargestellt wird. Bei Aus\u00fcbung eines solchen Widerspruchs \nbitten wir um Darlegung der Gr\u00fcnde, weshalb wir Ihre personenbezogenen \nDaten nicht wie von uns durchgef\u00fchrt verarbeiten sollten. Im Falle Ihres\n begr\u00fcndeten Widerspruchs pr\u00fcfen wir die Sachlage und werden entweder \ndie Datenverarbeitung einstellen bzw. anpassen oder Ihnen unsere \nzwingenden schutzw\u00fcrdigen Gr\u00fcnde aufzeigen, aufgrund derer wir die \nVerarbeitung fortf\u00fchren.\n<\/p>\n\n\n\n<p>(3) Selbstverst\u00e4ndlich k\u00f6nnen Sie der Verarbeitung \nIhrer personenbezogenen Daten jederzeit widersprechen. \u00dcber Ihren \nWiderspruch k\u00f6nnen Sie uns unter folgenden Kontaktdaten informieren:&nbsp;\n<\/p>\n\n\n\n<p>reservation@mingarden.de\n<\/p>\n\n\n\n<p><strong>\u00a7 6 Einsatz von Google Analytics<\/strong> \n<\/p>\n\n\n\n<p>(1) &nbsp;\n<\/p>\n\n\n\n<p>Diese Website benutzt Google Analytics, einen \nWebanalysedienst der Google Inc. (\u201eGoogle\u201c). Google Analytics verwendet \nsog. \u201eCookies\u201c, Textdateien, die auf Ihrem Computer gespeichert werden \nund die eine Analyse der Benutzung der Website durch Sie erm\u00f6glichen. \nDie durch den Cookie erzeugten Informationen \u00fcber Ihre Benutzung dieser \nWebsite werden in der Regel an einen Server von Google in den USA \n\u00fcbertragen und dort gespeichert. Im Falle der Aktivierung der \nIP-Anonymisierung auf dieser Website, wird Ihre IP-Adresse von Google \njedoch innerhalb von Mitgliedstaaten der Europ\u00e4ischen Union oder in \nanderen Vertragsstaaten des Abkommens \u00fcber den Europ\u00e4ischen \nWirtschaftsraum zuvor gek\u00fcrzt. Nur in Ausnahmef\u00e4llen wird die volle \nIP-Adresse an einen Server von Google in den USA \u00fcbertragen und dort \ngek\u00fcrzt. Im Auftrag des Betreibers dieser Website wird Google diese \nInformationen benutzen, um Ihre Nutzung der Website auszuwerten, um \nReports \u00fcber die Website-Aktivit\u00e4ten zusammenzustellen und um weitere \nmit der Website-Nutzung und der Internetnutzung verbundene \nDienstleistungen gegen\u00fcber dem Website-Betreiber zu erbringen.\n<\/p>\n\n\n\n<p>(2) &nbsp;\n<\/p>\n\n\n\n<p>Die im Rahmen von Google Analytics von Ihrem Browser\n \u00fcbermittelte IP-Adresse wird nicht mit anderen Daten von Google \nzusammengef\u00fchrt.\n<\/p>\n\n\n\n<p>(3) &nbsp;\n<\/p>\n\n\n\n<p>Sie k\u00f6nnen die Speicherung der Cookies durch eine \nentsprechende Einstellung Ihrer Browser-Software verhindern; wir weisen \nSie jedoch darauf hin, dass Sie in diesem Fall gegebenenfalls nicht \ns\u00e4mtliche Funktionen dieser Website vollumf\u00e4nglich werden nutzen k\u00f6nnen.\n Sie k\u00f6nnen dar\u00fcber hinaus die Erfassung der durch das Cookie erzeugten \nund auf Ihre Nutzung der Website bezogenen Daten (inkl. Ihrer \nIP-Adresse) an Google sowie die Verarbeitung dieser Daten durch Google \nverhindern, indem sie das unter dem folgenden Link verf\u00fcgbare \nBrowser-Plug-in herunterladen und installieren: <a href=\"http:\/\/tools.google.com\/dlpage\/gaoptout?hl=de\" target=\"_blank\" rel=\"noreferrer noopener\">tools.google.com\/dlpage\/gaoptout<\/a>.<br>\n Alternativ zum Browser-Plug-In oder innerhalb von Browsern auf mobilen \nGer\u00e4ten, klicken Sie bitte auf folgenden Link, um die Erfassung durch \nGoogle Analytics innerhalb dieser Website zuk\u00fcnftig zu verhindern. Dabei\n wird ein Opt-Out-Cookie auf Ihrem Ger\u00e4t abgelegt. L\u00f6schen Sie Ihre \nCookies, m\u00fcssen Sie diesen Link erneut klicken:\n<\/p>\n\n\n\n<p><a>Google Analytics deaktivieren<\/a>\n<\/p>\n\n\n\n<p><strong>\u00a7 7 Einsatz von Social-Media-Plug-ins<\/strong> \n<\/p>\n\n\n\n<p>(1) &nbsp;\n<\/p>\n\n\n\n<p>Wir setzen derzeit folgende Social-Media-Plug-ins \nein: Facebook. &nbsp;Wir nutzen dabei die sog. Zwei-Klick-L\u00f6sung. Das hei\u00dft, \nwenn Sie unsere Seite besuchen, werden zun\u00e4chst grunds\u00e4tzlich keine \npersonenbezogenen Daten an die Anbieter der Plug-ins weitergegeben. Den \nAnbieter des Plug-ins erkennen Sie \u00fcber die Markierung auf dem Kasten \n\u00fcber seinen Anfangsbuchstaben oder das Logo. Wir er\u00f6ffnen Ihnen die \nM\u00f6glichkeit, \u00fcber den Button direkt mit dem Anbieter des Plug-ins zu \nkommunizieren. Nur wenn Sie auf das markierte Feld klicken und es \ndadurch aktivieren, erh\u00e4lt der Plug-in-Anbieter die Information, dass \nSie die entsprechende Website unseres Online-Angebots aufgerufen haben. \nZudem werden die unter \u00a7 3 dieser Erkl\u00e4rung genannten Daten \u00fcbermittelt.\n Im Fall von Facebook wird nach Angaben der jeweiligen Anbieter in \nDeutschland die IP-Adresse sofort nach Erhebung anonymisiert. Durch die \nAktivierung des Plug-ins werden also personenbezogene Daten von Ihnen an\n den jeweiligen Plug-in-Anbieter \u00fcbermittelt und dort (bei \nUS-amerikanischen Anbietern in den USA) gespeichert. Da der \nPlug-in-Anbieter die Datenerhebung insbesondere \u00fcber Cookies vornimmt, \nempfehlen wir Ihnen, vor dem Klick auf den ausgegrauten Kasten \u00fcber die \nSicherheitseinstellungen Ihres Browsers alle Cookies zu l\u00f6schen.\n<\/p>\n\n\n\n<p>(2) \n<\/p>\n\n\n\n<p>Wir haben weder Einfluss auf die erhobenen Daten und\n Datenverarbeitungsvorg\u00e4nge, noch sind uns der volle Umfang der \nDatenerhebung, die Zwecke der Verarbeitung, die Speicherfristen bekannt.\n Auch zur L\u00f6schung der erhobenen Daten durch den Plug-in-Anbieter liegen\n uns keine Informationen vor.\n<\/p>\n\n\n\n<p>(3)\n<\/p>\n\n\n\n<p>Der Plug-in-Anbieter speichert die \u00fcber Sie \nerhobenen Daten als Nutzungsprofile und nutzt diese f\u00fcr Zwecke der \nWerbung, Marktforschung und\/oder bedarfsgerechten Gestaltung seiner \nWebsite. Eine solche Auswertung erfolgt insbesondere (auch f\u00fcr nicht \neingeloggte Nutzer) zur Darstellung von bedarfsgerechter Werbung und um \nandere Nutzer des sozialen Netzwerks \u00fcber Ihre Aktivit\u00e4ten auf unserer \nWebsite zu informieren. Ihnen steht ein Widerspruchsrecht gegen die \nBildung dieser Nutzerprofile zu, wobei Sie sich zur Aus\u00fcbung dessen an \nden jeweiligen Plug-in-Anbieter wenden m\u00fcssen. \u00dcber die Plug-ins bietet \nwir Ihnen die M\u00f6glichkeit, mit den sozialen Netzwerken und anderen \nNutzern zu interagieren, so dass wir unser Angebot verbessern und f\u00fcr \nSie als Nutzer interessanter ausgestalten k\u00f6nnen. Rechtsgrundlage f\u00fcr \ndie Nutzung der Plug-ins ist Art. 6 Abs. 1 S. 1 lit. f DSGVO.\n<\/p>\n\n\n\n<p>&nbsp;&nbsp; (4) &nbsp;\n<\/p>\n\n\n\n<p>&nbsp;&nbsp; Die Datenweitergabe erfolgt unabh\u00e4ngig davon, ob \nSie ein Konto bei dem Plug-in-Anbieter besitzen und dort eingeloggt \nsind. Wenn Sie bei dem Plug-in-Anbieter eingeloggt sind, werden Ihre bei\n uns erhobenen Daten direkt Ihrem beim Plug-in-Anbieter bestehenden \nKonto zugeordnet. Wenn Sie den aktivierten Button bet\u00e4tigen und z. B. \ndie Seite verlinken, speichert der Plug-in-Anbieter auch diese \nInformation in Ihrem Nutzerkonto und teilt sie Ihren Kontakten \n\u00f6ffentlich mit. Wir empfehlen Ihnen, sich nach Nutzung eines sozialen \nNetzwerks regelm\u00e4\u00dfig auszuloggen, insbesondere jedoch vor Aktivierung \ndes Buttons, da Sie so eine Zuordnung zu Ihrem Profil bei dem \nPlug-in-Anbieter vermeiden k\u00f6nnen.\n<\/p>\n\n\n\n<p>(5)&nbsp;\n<\/p>\n\n\n\n<p>&nbsp;&nbsp; Weitere Informationen zu Zweck und Umfang der \nDatenerhebung und ihrer Verarbeitung durch den Plug-in-Anbieter erhalten\n Sie in den im Folgenden mitgeteilten Datenschutzerkl\u00e4rungen dieser \nAnbieter. Dort erhalten Sie auch weitere Informationen zu Ihren \ndiesbez\u00fcglichen Rechten und Einstellungsm\u00f6glichkeiten zum Schutze Ihrer \nPrivatsph\u00e4re.\n<\/p>\n\n\n\n<p>(6) &nbsp;\n<\/p>\n\n\n\n<p>&nbsp; &nbsp; Adressen der jeweiligen Plug-in-Anbieter und URL mit deren Datenschutzhinweisen:\n<\/p>\n\n\n\n<p>a) &nbsp;\n<\/p>\n\n\n\n<p>[Facebook Inc., 1601 S California Ave, Palo Alto, California 94304, USA; <a href=\"http:\/\/www.facebook.com\/policy.php\" target=\"_blank\" rel=\"noreferrer noopener\">www.facebook.com\/policy.php<\/a>; weitere Informationen zur Datenerhebung: <a href=\"http:\/\/www.facebook.com\/help\/186325668085084\" target=\"_blank\" rel=\"noreferrer noopener\">www.facebook.com\/help\/186325668085084<\/a>, <a href=\"http:\/\/www.facebook.com\/about\/privacy\/your-info-on-other%22%20%5Cl%20%22applications\" target=\"_blank\" rel=\"noreferrer noopener\">http:\/\/www.facebook.com\/about\/privacy\/your-info-on-other#applications<\/a>,&nbsp; sowie <a href=\"http:\/\/www.facebook.com\/about\/privacy\/your-info%22%20%5Cl%20%22everyoneinfo\" target=\"_blank\" rel=\"noreferrer noopener\">http:\/\/www.facebook.com\/about\/privacy\/your-info#everyoneinfo<\/a>.&nbsp;\n<\/p>\n\n\n\n<p>Facebook hat sich dem EU-US-Privacy-Shield unterworfen,&nbsp;\n<\/p>\n\n\n\n<p><a href=\"https:\/\/www.privacyshield.gov\/EU-US-Framework\" target=\"_blank\" rel=\"noreferrer noopener\">www.privacyshield.gov\/EU-US-Framework<\/a>.\n<\/p>\n\n\n\n<p><strong>\u00a7 8 Einbindung von Google Maps<\/strong> \n<\/p>\n\n\n\n<p>(1)\n<\/p>\n\n\n\n<p>Auf dieser Webseite nutzen wir das Angebot von \nGoogle Maps. Dadurch k\u00f6nnen wir Ihnen interaktive Karten direkt in der \nWebsite anzeigen und erm\u00f6glichen Ihnen die komfortable Nutzung der \nKarten-Funktion.\n<\/p>\n\n\n\n<p>(2)\n<\/p>\n\n\n\n<p>Durch den Besuch auf der Website erh\u00e4lt Google die \nInformation, dass Sie die entsprechende Unterseite unserer Website \naufgerufen haben. Zudem werden die unter \u00a7 3 dieser Erkl\u00e4rung genannten \nDaten \u00fcbermittelt. Dies erfolgt unabh\u00e4ngig davon, ob Google ein \nNutzerkonto bereitstellt, \u00fcber das Sie eingeloggt sind, oder ob kein \nNutzerkonto besteht. Wenn Sie bei Google eingeloggt sind, werden Ihre \nDaten direkt Ihrem Konto zugeordnet. Wenn Sie die Zuordnung mit Ihrem \nProfil bei Google nicht w\u00fcnschen, m\u00fcssen Sie sich vor Aktivierung des \nButtons ausloggen. Google speichert Ihre Daten als Nutzungsprofile und \nnutzt sie f\u00fcr Zwecke der Werbung, Marktforschung und\/oder \nbedarfsgerechten Gestaltung seiner Website. Eine solche Auswertung \nerfolgt insbesondere (selbst f\u00fcr nicht eingeloggte Nutzer) zur \nErbringung von bedarfsgerechter Werbung und um andere Nutzer des \nsozialen Netzwerks \u00fcber Ihre Aktivit\u00e4ten auf unserer Website zu \ninformieren. Ihnen steht ein Widerspruchsrecht zu gegen die Bildung \ndieser Nutzerprofile, wobei Sie sich zur Aus\u00fcbung dessen an Google \nrichten m\u00fcssen.\n<\/p>\n\n\n\n<p>&nbsp;&nbsp; (3)\n<\/p>\n\n\n\n<p>Weitere Informationen zu Zweck und Umfang der \nDatenerhebung und ihrer Verarbeitung durch den Plug-in-Anbieter erhalten\n Sie in den Datenschutzerkl\u00e4rungen des Anbieters. Dort erhalten Sie auch\n weitere Informationen zu Ihren diesbez\u00fcglichen Rechten und \nEinstellungsm\u00f6glichkeiten zum Schutze Ihrer Privatsph\u00e4re: <a href=\"http:\/\/www.google.de\/intl\/de\/policies\/privacy\" target=\"_blank\" rel=\"noreferrer noopener\">www.google.de\/intl\/de\/policies\/privacy<\/a>. Google verarbeitet Ihre personenbezogenen Daten auch in den USA und hat sich dem EU-US Privacy Shield unterworfen, <a href=\"https:\/\/www.privacyshield.gov\/EU-US-Framework\" target=\"_blank\" rel=\"noreferrer noopener\">https:\/\/www.privacyshield.gov\/EU-US-Framework<\/a>.\n<\/p>\n\n\n\n<p><strong>\u00a7 9 Remarketing<\/strong> \n<\/p>\n\n\n\n<p>Wir nutzen die Anwendung Google Remarketing. Hierbei\n handelt es sich um ein Verfahren, mit dem wir Sie erneut ansprechen \nm\u00f6chten. Durch diese Anwendung k\u00f6nnen Ihnen nach Besuch unserer Website \nbei Ihrer weiteren Internetnutzung unsere Werbeanzeigen eingeblendet \nwerden. Dies erfolgt mittels in Ihrem Browser gespeicherter Cookies, \n\u00fcber die Ihr Nutzungsverhalten bei Besuch verschiedener Websites durch \nGoogle erfasst und ausgewertet wird. So kann von Google Ihr vorheriger \nBesuch unserer Website festgestellt werden. Eine Zusammenf\u00fchrung der im \nRahmen des Remarketings erhobenen Daten mit Ihren personenbezogenen \nDaten, die ggf. von Google gespeichert werden, findet durch Google laut \neigenen Aussagen nicht statt. Insbesondere wird laut Google beim \nRemarketing eine Pseudonymisierung eingesetzt.\n<\/p>\n\n\n\n<p><strong>\u00a7 10 Facebook Custom Audiences<\/strong> \n<\/p>\n\n\n\n<p>(1)&nbsp;\n<\/p>\n\n\n\n<p>Weiterhin verwendet die Website die \nRemarketing-Funktion \u201eCustom Audiences\u201c der Facebook Inc. (\u201eFacebook\u201c). \nDadurch k\u00f6nnen Nutzern der Website im Rahmen des Besuchs des sozialen \nNetzwerkes Facebook oder anderer das Verfahren ebenfalls nutzende \nWebsites interessenbezogene Werbeanzeigen (\u201eFacebook-Ads\u201c) dargestellt \nwerden. Wir verfolgen damit das Interesse, Ihnen Werbung anzuzeigen, die\n f\u00fcr Sie von Interesse ist, um unsere Website f\u00fcr Sie interessanter zu \ngestalten.\n<\/p>\n\n\n\n<p>(2)&nbsp;\n<\/p>\n\n\n\n<p>Aufgrund der eingesetzten Marketing-Tools baut Ihr \nBrowser automatisch eine direkte Verbindung mit dem Server von Facebook \nauf. Wir haben keinen Einfluss auf den Umfang und die weitere Verwendung\n der Daten, die durch den Einsatz dieses Tools durch Facebook erhoben \nwerden und informieren Sie daher entsprechend unserem Kenntnisstand: \nDurch die Einbindung von Facebook Custom Audiences erh\u00e4lt Facebook die \nInformation, dass Sie die entsprechende Webseite unseres \nInternetauftritts aufgerufen haben, oder eine Anzeige von uns angeklickt\n haben. Sofern Sie bei einem Dienst von Facebook registriert sind, kann \nFacebook den Besuch Ihrem Account zuordnen. Selbst wenn Sie nicht bei \nFacebook registriert sind bzw. sich nicht eingeloggt haben, besteht die \nM\u00f6glichkeit, dass der Anbieter Ihre IP-Adresse und weitere \nIdentifizierungsmerkmale in Erfahrung bringt und speichert.\n<\/p>\n\n\n\n<p>(3)&nbsp;\n<\/p>\n\n\n\n<p>Die Deaktivierung der Funktion \u201eFacebook Custom Audiences\u201c ist f\u00fcr eingeloggte Nutzer unter <a href=\"https:\/\/www.facebook.com\/settings\/?tab=ads#_m%C3%B6glich\" target=\"_blank\" rel=\"noreferrer noopener\">www.facebook.com\/settings\/<\/a>.\n<\/p>\n\n\n\n<p>(4)&nbsp;\n<\/p>\n\n\n\n<p>Rechtsgrundlage f\u00fcr die Verarbeitung Ihrer Daten ist Art.&nbsp;6 Abs.&nbsp;1 S.&nbsp;1 lit. f DSGVO.&nbsp;\n<\/p>\n\n\n\n<p>Weitere Informationen zur Datenverarbeitung durch Facebook erhalten Sie unter <a href=\"https:\/\/www.facebook.com\/about\/privacy\" target=\"_blank\" rel=\"noreferrer noopener\">www.facebook.com\/about\/privacy<\/a>.<\/p>\n\n\n\n<p><\/p>\n\n\n\n<h2 class=\"wp-block-heading\"><br><\/h2>\n","protected":false},"excerpt":{"rendered":"<p>Datenschutzerkl\u00e4rung \u00a7&nbsp;1 Information \u00fcber die Erhebung personenbezogener Daten (1)&nbsp; Im Folgenden informieren wir \u00fcber die Erhebung personenbezogener Daten bei Nutzung unserer Website. Personenbezogene Daten sind alle Daten, die auf Sie pers\u00f6nlich beziehbar sind, z. B. Name, Adresse, E-Mail-Adresse, Telefonnummer (2)&nbsp; Verantwortlicher gem. Art.&nbsp;4 Abs.&nbsp;7 EU-Datenschutz-Grundverordnung (DSGVO) ist: Hotel MinGarden Minmetals Germany GmbH Kaiserswerther Str. 22 [&hellip;]<\/p>\n","protected":false},"author":1,"featured_media":613,"parent":0,"menu_order":0,"comment_status":"closed","ping_status":"open","template":"","meta":{"footnotes":""},"class_list":["post-3","page","type-page","status-publish","has-post-thumbnail","hentry"],"_links":{"self":[{"href":"https:\/\/mingarden.de\/index.php?rest_route=\/wp\/v2\/pages\/3","targetHints":{"allow":["GET"]}}],"collection":[{"href":"https:\/\/mingarden.de\/index.php?rest_route=\/wp\/v2\/pages"}],"about":[{"href":"https:\/\/mingarden.de\/index.php?rest_route=\/wp\/v2\/types\/page"}],"author":[{"embeddable":true,"href":"https:\/\/mingarden.de\/index.php?rest_route=\/wp\/v2\/users\/1"}],"replies":[{"embeddable":true,"href":"https:\/\/mingarden.de\/index.php?rest_route=%2Fwp%2Fv2%2Fcomments&post=3"}],"version-history":[{"count":3,"href":"https:\/\/mingarden.de\/index.php?rest_route=\/wp\/v2\/pages\/3\/revisions"}],"predecessor-version":[{"id":2058,"href":"https:\/\/mingarden.de\/index.php?rest_route=\/wp\/v2\/pages\/3\/revisions\/2058"}],"wp:featuredmedia":[{"embeddable":true,"href":"https:\/\/mingarden.de\/index.php?rest_route=\/wp\/v2\/media\/613"}],"wp:attachment":[{"href":"https:\/\/mingarden.de\/index.php?rest_route=%2Fwp%2Fv2%2Fmedia&parent=3"}],"curies":[{"name":"wp","href":"https:\/\/api.w.org\/{rel}","templated":true}]}}